{"id":998,"date":"2023-01-04T11:51:42","date_gmt":"2023-01-04T10:51:42","guid":{"rendered":"https:\/\/east-aesthetics.de\/?page_id=998"},"modified":"2024-11-05T13:47:32","modified_gmt":"2024-11-05T12:47:32","slug":"proteccion-de-datos","status":"publish","type":"page","link":"https:\/\/east-aesthetics.de\/es\/proteccion-de-datos\/","title":{"rendered":"Protecci\u00f3n de datos"},"content":{"rendered":"<p>Die nachfolgende Datenschutzerkl\u00e4rung informiert Sie transparent und umfassend \u00fcber die Datenverarbeitung dieser Internetseite und Ihre Rechte als Betroffener.<\/p>\n<h6 class=\"my-4\">I. Verantwortlicher<\/h6>\n<p>EAST AESTHETICS<br \/>\nPRAXIS F\u00dcR \u00c4STHETIK<br \/>\nDR. MEHRAN YASCHAR ADILI<br \/>\nHANAUER LANDSTRASSE 151\u2013153<br \/>\n60314 FRANKFURT AM MAIN<br \/>\nTEL 069 408 980 46<br \/>\nFAX 069 408 980 63<br \/>\n<a href=\"mailto:PRAXIS@EAST-AESTHETICS.DE\">PRAXIS@EAST-AESTHETICS.DE<\/a><\/p>\n<h6 class=\"my-4\">II. Datenverarbeitung<\/h6>\n<p>Die Praxis EAST AESTHETICS \u2014 PRAXIS F\u00dcR \u00c4STHETIK \u2014 DR. MEHRAN YASCHAR ADILI \u2014 HANAUER LANDSTRASSE 151\u2013153 \u2014 60314 FRANKFURT AM MAIN erhebt beim Besuch des Internetauftritts (EAST-AESTHETICS.DE) die Daten der Nutzer und ist f\u00fcr diese Daten und die entsprechende Verarbeitung auch verantwortlich im datenschutzrechtlichen Sinn.<\/p>\n<p><strong>1. Aufrufen der Internetseite<\/strong><\/p>\n<p>Beim Aufrufen unserer Internetseite speichern unsere Web-Server vor\u00fcbergehend folgende Daten (log files):<\/p>\n<ul>\n<li>Die IP-Adresse des aufrufenden Rechners<\/li>\n<li>Den Standort des aufrufenden Rechners<\/li>\n<li>Datum und Uhrzeit des Aufrufs (in der Systemzeit des Servers)<\/li>\n<li>Die HTTP-Statuscodes<\/li>\n<li>Browser und Betriebssystem inklusive Version<\/li>\n<li>Die vom Nutzer aufgerufene Seite der Internetseite<\/li>\n<\/ul>\n<p>Diese Daten sind erforderlich, um die Website darzustellen und das Navigieren und weitere Funktionen und Dienste der Seite zu erm\u00f6glichen und zu nutzen, sowie um technische Probleme zu beheben.<br \/>\nRechtsgrundlage der Verarbeitung ist Art. 6 Abs. 1 lit. f DSGVO.<\/p>\n<p><strong>2. Hosting <\/strong><\/p>\n<p>Wir hosten die Inhalte unserer Website bei folgendem Anbieter: All-Inkl Anbieter ist die ALL-INKL.COM &#8211; Neue Medien M\u00fcnnich, Inh. Ren\u00e9 M\u00fcnnich, Hauptstra\u00dfe 68, 02742 Friedersdorf (nachfolgend All-Inkl). Details entnehmen Sie der Datenschutzerkl\u00e4rung von All-Inkl: <a href=\"https:\/\/all-inkl.com\/datenschutzinformationen\/\" target=\"_blank\" rel=\"noopener\">https:\/\/all-inkl.com\/datenschutzinformationen\/<\/a>.<br \/>\nDie Verwendung von All-Inkl erfolgt auf Grundlage von Art. 6 Abs. 1 lit. f DSGVO. Wir haben ein berechtigtes Interesse an einer m\u00f6glichst zuverl\u00e4ssigen Darstellung unserer Website. Sofern eine entsprechende Einwilligung abgefragt wurde, erfolgt die Verarbeitung ausschlie\u00dflich auf Grundlage von Art. 6 Abs. 1 lit. a DSGVO und \u00a7 25 Abs. 1 TTDSG, soweit die Einwilligung die Speicherung von Cookies oder den Zugriff auf Informationen im Endger\u00e4t des Nutzers (z. B. Device-Fingerprinting) im Sinne des TTDSG umfasst.<br \/>\nDie Einwilligung ist jederzeit widerrufbar.<br \/>\nAuftragsverarbeitung<br \/>\nWir haben einen Vertrag \u00fcber Auftragsverarbeitung (AVV) zur Nutzung des oben genannten Dienstes geschlossen. Hierbei handelt es sich um einen datenschutzrechtlich vorgeschriebenen Vertrag, der gew\u00e4hrleistet, dass dieser die personenbezogenen Daten unserer Websitebesucher nur nach unseren Weisungen und unter Einhaltung der DSGVO verarbeitet.<\/p>\n<p><strong>3. Cookies<\/strong><\/p>\n<p>Cookie-Einwilligung mit COMPLIANZ<\/p>\n<p>Unsere Website nutzt die Cookie-Consent-Technologie von \u201eComplianz GDPR\/CCPA Cookie Consent\u201c, um Ihre Einwilligung zur Speicherung bestimmter Cookies in Ihrem Browser einzuholen und diese datenschutzkonform zu dokumentieren. Anbieter dieser Technologie ist Complianz B.V., Atoomweg 6b, 9743 AK Groningen, Netherlands (im Folgenden Complianz).<\/p>\n<p>Wenn Sie unsere Website betreten, wird ein Complianz-Cookie in Ihrem Browser gespeichert, in dem die von Ihnen erteilten Einwilligungen oder der Widerruf dieser Einwilligungen gespeichert werden.<\/p>\n<p>Die erfassten Daten werden gespeichert, bis Sie uns zur L\u00f6schung auffordern bzw. das Complianz-Cookie selbst l\u00f6schen oder der Zweck f\u00fcr die Datenspeicherung entf\u00e4llt. Zwingende gesetzliche Aufbewahrungsfristen bleiben unber\u00fchrt. Details zur Datenverarbeitung von Complianz finden Sie unter <a href=\"https:\/\/complianz.io\/privacy-statement\" target=\"_blank\" rel=\"noopener\">https:\/\/complianz.io\/privacy-statement<\/a>.<\/p>\n<p>Der Einsatz der Complianz-Cookie-Consent-Technologie erfolgt, um die gesetzlich vorgeschriebenen Einwilligungen f\u00fcr den Einsatz von Cookies einzuholen. Rechtsgrundlage hierf\u00fcr ist Art. 6 Abs. 1 S. 1 lit. c DSGVO.<\/p>\n<p><strong>4. Online-Kontaktformular\/ Kontakt \u00fcber E-Mail-Adresse<\/strong><\/p>\n<p>Auf unserer Internetseite ist ein Kontaktformular vorhanden, welches f\u00fcr die elektronische Kontaktaufnahme genutzt werden kann. Nimmt ein Nutzer diese M\u00f6glichkeit wahr, so werden die in der Eingabemaske eingegebenen Daten an uns \u00fcbermittelt und zwecks Bearbeitung der Anfrage und R\u00fcckmeldung gespeichert und verarbeitet. \u00dcber das Kontaktformular kommt weder ein Behandlungsvertrag zustande, noch erfolgt dadurch eine \u00e4rztliche Beratung.<br \/>\nRechtsgrundlage der Verarbeitung ist Ihre Einwilligung (Art. 6 Abs. 1 Satz 1 lit. a DSGVO).<br \/>\nEs besteht au\u00dferdem die M\u00f6glichkeit, \u00fcber unsere E-Mail-Adresse mit uns in Verbindung zu treten. Dabei erheben, speichern und verarbeiten wir folgende Daten:<\/p>\n<ul>\n<li>Ihre E-Mail-Adresse<\/li>\n<li>sowie weitere personenbezogene Daten, die Sie uns im Rahmen Ihrer Nachricht mitteilen.<\/li>\n<\/ul>\n<p>Diese Daten werden ausschlie\u00dflich f\u00fcr die Korrespondenz mit Ihnen sowie f\u00fcr die Bearbeitung Ihres Anliegens erhoben und verarbeitet. Rechtsgrundlage ist Art. 6 Abs. 1 S. 1 lit. f DSGVO. Sofern die Datenverarbeitung f\u00fcr diesen Zweck nicht mehr erforderlich ist, werden Ihre personenbezogenen Daten gel\u00f6scht, soweit dem keine gesetzliche Aufbewahrungspflicht entgegensteht. Diese Daten werden ohne Ihre ausdr\u00fcckliche Zustimmung nicht an Dritte weitergegeben.<\/p>\n<p><strong>5. Jameda-Siegel und Widgets<\/strong><\/p>\n<p>Auf unserer Internetseite sind Siegel oder Widgets der jameda GmbH, Balanstr. 71a, 81541 M\u00fcnchen eingebunden. Ein Widget ist ein kleines Fenster, das ver\u00e4nderliche Informationen anzeigt. Auch unser Siegel funktioniert in \u00e4hnlicher Weise, d. h. es sieht nicht immer gleich aus, sondern die Anzeige \u00e4ndert sich regelm\u00e4\u00dfig. Dabei wird der entsprechende Inhalt zwar auf unserer Internetseite dargestellt, er wird aber in diesem Moment von den jameda-Servern abgerufen. Nur so kann immer der aktuelle Inhalt gezeigt werden, vor allem die jeweils aktuelle Bewertung. Daf\u00fcr muss eine Datenverbindung von dieser Internetseite zu jameda aufgebaut werden und jameda erh\u00e4lt gewisse technische Daten (Datum und Uhrzeit des Besuchs; die Seite, von der die Abfrage erfolgt; verwendete Internet Protokoll-Adresse (IP-Adresse), Browsertyp und -version, Ger\u00e4tetyp, Betriebssystem und \u00e4hnliche technische Informationen), die n\u00f6tig sind, damit der Inhalt ausgeliefert werden kann. Diese Daten werden aber nur f\u00fcr die Bereitstellung des Inhalts verwendet und nicht gespeichert oder anderweitig genutzt.<\/p>\n<p>Wir verfolgen mit der Einbindung den Zweck und das berechtigte Interesse, aktuelle und korrekte Inhalte auf unserer Homepage darzustellen. Rechtsgrundlage ist Art 6 Abs. 1 f DSGVO. Eine Speicherung der genannten Daten erfolgt durch uns aufgrund dieser Einbindung nicht. Weitere Informationen zur Datenverarbeitung durch jameda k\u00f6nnen Sie der Datenschutzerkl\u00e4rung der Seite <a href=\"https:\/\/www.jameda.de\/jameda\/datenschutz.php\" target=\"_blank\" rel=\"noopener\">https:\/\/www.jameda.de\/jameda\/datenschutz.php<\/a> entnehmen.<\/p>\n<p><strong>6. Social Media<\/strong><\/p>\n<p>Die Inhalte auf unseren Seiten k\u00f6nnen in sozialen Netzwerken wie Facebook, Instagram oder Google Unternehmensprofilen geteilt werden. Auf unseren Seiten sind keine Plugins eingebunden, die durch die sozialen Netzwerke Facebook, Instagram oder Google zur Verf\u00fcgung gestellt werden. Eine automatische \u00dcbertragung von Nutzerdaten an die Betreiber dieser Plattformen findet auf unseren Seiten nicht statt.<\/p>\n<p>Unsere Social-Buttons stellen den direkten Kontakt zwischen den Netzwerken und Nutzern erst dann her, wenn der Nutzer aktiv auf einen dieser Buttons klickt. Ist der Nutzer bei einem der sozialen Netzwerke angemeldet, erscheint bei der Nutzung der Social-Buttons von Facebook, Instagram, oder Google Unternehmensprofilen ein Informationsfenster, in dem der Nutzer den Text vor dem Absenden bearbeiten kann.<\/p>\n<p>Als Nutzer k\u00f6nnen Sie die Inhalte dieser Webseite in sozialen Netzwerken posten, ohne dass komplette Surf-Profile durch die Betreiber der Netzwerke erstellt werden.<\/p>\n<p>Folgende Social Media Dienste werden auf dieser Seite eingebunden:<\/p>\n<p><a href=\"https:\/\/www.facebook.com\/profile.php?id=61552744688930\" target=\"_blank\" rel=\"noopener\">Facebook<\/a><br \/>\n<a href=\"https:\/\/www.instagram.com\/east_aesthetics\/\" target=\"_blank\" rel=\"noopener\">Instagram<\/a><\/p>\n<p><strong>7. Online-Terminvergabe \u00fcber Doctolib<\/strong><\/p>\n<p>Der nachfolgende Link f\u00fchrt Sie zur Online-Terminvergabe von Doctolib, unserem Dienstleister f\u00fcr die Organisation und Durchf\u00fchrung der <a href=\"https:\/\/www.doctolib.de\/praxis\/frankfurt-am-main\/east-aesthetics-frankfurt-a-m\" target=\"_blank\" rel=\"noopener\">Online-Terminvergabe<\/a>.<br \/>\nMit einem Klick auf das unten stehende Logo von Doctolib werden Sie zur Online-Terminvergabe weitergeleitet. Sie verlassen dann die Website der Praxis EAST AESTHETICS \u2014 PRAXIS F\u00dcR \u00c4STHETIK \u2014 DR. MEHRAN YASCHAR ADILI \u2014 HANAUER LANDSTRASSE 151\u2013153 \u2014 60314 FRANKFURT AM MAIN. Bitte beachten Sie, dass der nachfolgende Link eine Website \u00f6ffnet, f\u00fcr deren Inhalt wir nicht verantwortlich sind und auf die unsere Datenschutzbestimmungen keine Anwendung finden.<br \/>\nUnter dem nachfolgenden Link gelangen Sie zur Datenschutzerkl\u00e4rung von Doctolib <a href=\"https:\/\/res.cloudinary.com\/doctolib\/image\/upload\/v1608627382\/legal\/Privacy_Policy_Patients_DE.pdf\" target=\"_blank\" rel=\"noopener\">https:\/\/res.cloudinary.com\/\u00addoctolib\/image\/upload\/\u00adv1608627382\/legal\/\u00adPrivacy_Policy_Patients_DE.pdf<\/a>.<\/p>\n<h6 class=\"my-4\">III. Datenweitergabe an Dritte, Datenspeicherung<\/h6>\n<p>Soweit wir Dienstleister einbinden, die uns bei der Verarbeitung personenbezogener Daten oder anderweitig unterst\u00fctzen (beispielsweise Hosting- oder andere IT-Dienstleister) und diese mit personenbezogenen Daten in Kontakt kommen, geschieht dies nur nach vorherigem Abschluss eines sogenannten Vertrags zur Auftragsverarbeitung gem. Art. 28 Abs. 2 DSGVO, mit dem wir unsere Dienstleister verpflichten, personenbezogene Daten nur nach unserer Weisung zu verarbeiten und sie vertraulich zu behandeln. Die Auftragsverarbeiter erhalten nur Zugriff auf solche personenbezogenen Daten, die zur Erf\u00fcllung ihrer Dienste f\u00fcr uns erforderlich sind.<br \/>\nIn anderen F\u00e4llen geben wir personenbezogenen Daten nur weiter, wenn dies aufgrund gesetzlicher Bestimmungen zul\u00e4ssig ist, wir dazu beispielsweise aufgrund eines Gesetzes oder einer beh\u00f6rdlichen oder gerichtlichen Anordnung verpflichtet sind (Art. 6 Abs. 1 S. 1 lit. c DSGVO) oder der Betroffene in die Weitergabe eingewilligt hat (Art. 6 Abs. 1 S. 1 lit. a DSGVO).<br \/>\nSollten personenbezogenen Daten an ein Drittland \u00fcbermittelt werden, haben wir geeignete Ma\u00dfnahmen getroffen, um sicherzustellen, dass das durch die DSGVO gew\u00e4hrleistete Schutzniveau f\u00fcr nat\u00fcrliche Personen nicht untergraben wird. Hierzu haben wir mit Auftragsverarbeitern, die personenbezogene Daten in einem Drittland verarbeiten, Standardvertragsklauseln im Rahmen des Auftragsverarbeitungsvertrages abgeschlossen.<br \/>\nIhre Daten werden in der Bundesrepublik Deutschland gespeichert. Wir \u00fcbermitteln keine Daten in europ\u00e4isches Ausland, au\u00dfereurop\u00e4isches Ausland oder die USA. Unsere Server stehen in Deutschland.<\/p>\n<h6 class=\"my-4\">IV. Sichere Daten\u00fcbertragung<\/h6>\n<p>Unsere Internetseite ist SSL-verschl\u00fcsselt. Dies erkennen Sie an der Adresszeile \u201eHTTPS\u201c. Bei der SSL-Verschl\u00fcsselung handelt es sich um eine Transportverschl\u00fcsselung, damit Dritte Ihre Daten nicht einsehen k\u00f6nnen.<\/p>\n<h6 class=\"my-4\">V. Ihre Rechte<\/h6>\n<p>Sie haben das Recht, jederzeit Auskunft \u00fcber Ihre von uns gespeicherten personenbezogenen Daten zu erhalten. Sie k\u00f6nnen dabei unentgeltlich insbesondere Auskunft \u00fcber die Herkunft der Daten, den Speicherort, den Empf\u00e4nger und den Zweck erhalten. Sie k\u00f6nnen auch die Berichtigung Ihrer Daten verlangen, wenn diese fehlerhaft oder unvollst\u00e4ndig sind.<\/p>\n<p>Sie k\u00f6nnen au\u00dferdem die Sperrung bzw. L\u00f6schung der von uns \u00fcber Sie gespeicherten personenbezogenen Daten verlangen. Soweit Aufbewahrungspflichten der L\u00f6schung entgegenstehen, werden Ihre Daten f\u00fcr diesen Zweck gesperrt. Die L\u00f6schung (\u201eRecht auf Vergessen\u201c) Ihrer Daten, soweit m\u00f6glich, k\u00f6nnen Sie jederzeit fordern; ebenso wie die Berichtigung und die Auskunft.<\/p>\n<p>Sofern Sie uns eine Einwilligung zur Verarbeitung der Daten gegeben haben, kann diese Einwilligung widerrufen werden. Im Falle eines Widerrufes bleibt die Verarbeitung Ihrer Daten bis zu diesem Zeitpunkt rechtswirksam. Der Widerruf einer Einwilligung in die Datenverarbeitung ist also nur f\u00fcr die Zukunft m\u00f6glich.<\/p>\n<p>Sie haben au\u00dferdem die M\u00f6glichkeit, Ihre freiwillig zur Verf\u00fcgung gestellten Daten auf Wunsch an einen Dritten \u00fcbermitteln zu lassen.<\/p>\n<p>Sie sind zudem berechtigt, sich jederzeit bei der zust\u00e4ndigen Aufsichtsbeh\u00f6rde \u00fcber die Datenverarbeitung zu beschweren. Bei der zust\u00e4ndigen Aufsichtsbeh\u00f6rde handelt es sich in der Regel um den Landesdatenschutzbeauftragten des jeweiligen Bundeslandes<\/p>\n<p>Der Hessische Beauftragte f\u00fcr Datenschutz und Informationsfreiheit<br \/>\nGUSTAV-STRESEMANN-RING 1<br \/>\n65189 WIESBADEN<br \/>\nTEL 0611 140 80<br \/>\n<a href=\"mailto:POSTSTELLE@DATENSCHUTZ.HESSEN.DE\">POSTSTELLE@DATENSCHUTZ.HESSEN.DE<\/a><br \/>\n<a href=\"https:\/\/DATENSCHUTZ.HESSEN.DE\" target=\"_blank\" rel=\"noopener\">DATENSCHUTZ.HESSEN.DE<\/a><\/p>\n<p>Ferner haben Sie das Recht, die Einschr\u00e4nkung der Datenverarbeitung zu verlangen.<br \/>\nZur Aus\u00fcbung Ihrer Rechte wenden Sie sich am besten an uns. Die Kontaktdaten finden Sie oben.<br \/>\nVI. Aktualit\u00e4t und \u00c4nderung dieser Datenschutzerkl\u00e4rung<br \/>\nDiese Datenschutzerkl\u00e4rung ist aktuell g\u00fcltig und hat den Stand M\u00e4rz 2024.<\/p>\n<p>Durch die Weiterentwicklung unserer Website oder aufgrund ge\u00e4nderter gesetzlicher beziehungsweise beh\u00f6rdlicher Vorgaben kann es notwendig werden, diese Datenschutzerkl\u00e4rung entsprechend anzupassen. Die jeweils aktuelle Datenschutzerkl\u00e4rung kann jederzeit auf der Website von Ihnen abgerufen und ausgedruckt werden.<\/p>\n<p>Ihre Anspr\u00fcche k\u00f6nnen Sie entweder per E-Mail PRAXIS@EAST-AESTHETICS.DE oder postalisch an uns richten.<\/p>\n<p>Stand M\u00e4rz 2024.<\/p>\n","protected":false},"excerpt":{"rendered":"<p>Die nachfolgende Datenschutzerkl\u00e4rung informiert Sie transparent und umfassend \u00fcber die Datenverarbeitung dieser Internetseite und Ihre Rechte als Betroffener. I. Verantwortlicher [&#8230;]<\/p>\n<p><a class=\"btn btn-secondary understrap-read-more-link\" href=\"https:\/\/east-aesthetics.de\/es\/proteccion-de-datos\/\">Leer m\u00e1s&#8230;<span class=\"screen-reader-text\"> from Protecci\u00f3n de datos<\/span><\/a><\/p>\n","protected":false},"author":6,"featured_media":767,"parent":0,"menu_order":7,"comment_status":"closed","ping_status":"closed","template":"","meta":{"_acf_changed":false,"footnotes":""},"acf":[],"yoast_head":"<!-- This site is optimized with the Yoast SEO plugin v23.5 - https:\/\/yoast.com\/wordpress\/plugins\/seo\/ -->\n<title>Protecci\u00f3n de datos - east AESTHETICS<\/title>\n<meta name=\"robots\" content=\"index, follow, max-snippet:-1, max-image-preview:large, max-video-preview:-1\" \/>\n<link rel=\"canonical\" href=\"https:\/\/east-aesthetics.de\/es\/proteccion-de-datos\/\" \/>\n<meta property=\"og:locale\" content=\"es_ES\" \/>\n<meta property=\"og:type\" content=\"article\" \/>\n<meta property=\"og:title\" content=\"Protecci\u00f3n de datos - east AESTHETICS\" \/>\n<meta property=\"og:description\" content=\"Die nachfolgende Datenschutzerkl\u00e4rung informiert Sie transparent und umfassend \u00fcber die Datenverarbeitung dieser Internetseite und Ihre Rechte als Betroffener. I. Verantwortlicher [...]Leer m\u00e1s... from Protecci\u00f3n de datos\" \/>\n<meta property=\"og:url\" content=\"https:\/\/east-aesthetics.de\/es\/proteccion-de-datos\/\" \/>\n<meta property=\"og:site_name\" content=\"east AESTHETICS\" \/>\n<meta property=\"article:publisher\" content=\"https:\/\/www.facebook.com\/profile.php?id=61552744688930\" \/>\n<meta property=\"article:modified_time\" content=\"2024-11-05T12:47:32+00:00\" \/>\n<meta property=\"og:image\" content=\"https:\/\/east-aesthetics.de\/wp-content\/uploads\/AND9314-2048.jpg\" \/>\n\t<meta property=\"og:image:width\" content=\"2000\" \/>\n\t<meta property=\"og:image:height\" content=\"1333\" \/>\n\t<meta property=\"og:image:type\" content=\"image\/jpeg\" \/>\n<meta name=\"twitter:card\" content=\"summary_large_image\" \/>\n<meta name=\"twitter:label1\" content=\"Tiempo de lectura\" \/>\n\t<meta name=\"twitter:data1\" content=\"10 minutos\" \/>\n<!-- \/ Yoast SEO plugin. -->","yoast_head_json":{"title":"Protecci\u00f3n de datos - east AESTHETICS","robots":{"index":"index","follow":"follow","max-snippet":"max-snippet:-1","max-image-preview":"max-image-preview:large","max-video-preview":"max-video-preview:-1"},"canonical":"https:\/\/east-aesthetics.de\/es\/proteccion-de-datos\/","og_locale":"es_ES","og_type":"article","og_title":"Protecci\u00f3n de datos - east AESTHETICS","og_description":"Die nachfolgende Datenschutzerkl\u00e4rung informiert Sie transparent und umfassend \u00fcber die Datenverarbeitung dieser Internetseite und Ihre Rechte als Betroffener. I. Verantwortlicher [...]Leer m\u00e1s... from Protecci\u00f3n de datos","og_url":"https:\/\/east-aesthetics.de\/es\/proteccion-de-datos\/","og_site_name":"east AESTHETICS","article_publisher":"https:\/\/www.facebook.com\/profile.php?id=61552744688930","article_modified_time":"2024-11-05T12:47:32+00:00","og_image":[{"width":2000,"height":1333,"url":"https:\/\/east-aesthetics.de\/wp-content\/uploads\/AND9314-2048.jpg","type":"image\/jpeg"}],"twitter_card":"summary_large_image","twitter_misc":{"Tiempo de lectura":"10 minutos"},"schema":{"@context":"https:\/\/schema.org","@graph":[]}},"_links":{"self":[{"href":"https:\/\/east-aesthetics.de\/es\/wp-json\/wp\/v2\/pages\/998"}],"collection":[{"href":"https:\/\/east-aesthetics.de\/es\/wp-json\/wp\/v2\/pages"}],"about":[{"href":"https:\/\/east-aesthetics.de\/es\/wp-json\/wp\/v2\/types\/page"}],"author":[{"embeddable":true,"href":"https:\/\/east-aesthetics.de\/es\/wp-json\/wp\/v2\/users\/6"}],"replies":[{"embeddable":true,"href":"https:\/\/east-aesthetics.de\/es\/wp-json\/wp\/v2\/comments?post=998"}],"version-history":[{"count":1,"href":"https:\/\/east-aesthetics.de\/es\/wp-json\/wp\/v2\/pages\/998\/revisions"}],"predecessor-version":[{"id":999,"href":"https:\/\/east-aesthetics.de\/es\/wp-json\/wp\/v2\/pages\/998\/revisions\/999"}],"wp:featuredmedia":[{"embeddable":true,"href":"https:\/\/east-aesthetics.de\/es\/wp-json\/wp\/v2\/media\/767"}],"wp:attachment":[{"href":"https:\/\/east-aesthetics.de\/es\/wp-json\/wp\/v2\/media?parent=998"}],"curies":[{"name":"wp","href":"https:\/\/api.w.org\/{rel}","templated":true}]}}