{"id":1002,"date":"2023-01-04T12:14:43","date_gmt":"2023-01-04T11:14:43","guid":{"rendered":"https:\/\/east-aesthetics.de\/?page_id=1002"},"modified":"2024-11-05T14:11:13","modified_gmt":"2024-11-05T13:11:13","slug":"pie-de-imprenta","status":"publish","type":"page","link":"https:\/\/east-aesthetics.de\/es\/pie-de-imprenta\/","title":{"rendered":"Pie de imprenta"},"content":{"rendered":"<h6 class=\"mb-4\">Verantwortlich f\u00fcr diese Seite:<\/h6>\n<p>EAST AESTHETICS<br \/>\nPRAXIS F\u00dcR \u00c4STHETIK<br \/>\nDR. MED. UNIV. MEHRAN YASCHAR ADILI<br \/>\nHANAUER LANDSTRASSE 151\u2013153<br \/>\n60314 FRANKFURT AM MAIN<br \/>\nTEL 069 408 980 46<br \/>\nFAX 069 408 980 63<br \/>\n<a href=\"mailto:PRAXIS@EAST-AESTHETICS.DE\">PRAXIS@EAST-AESTHETICS.DE<\/a><br \/>\nUmsatzsteuer-ID: DE 355 909 155<\/p>\n<h6 class=\"my-4\">Gesetzliche Berufsbezeichnung<\/h6>\n<p>Dr. med. univ. Mehran Yaschar Adili, Facharzt f\u00fcr Allgemeinmedizin.<br \/>\nDie Approbation als Arzt wurde in der Bundesrepublik Deutschland verliehen.<\/p>\n<p>Herr Dr. med. univ. Mehran Yaschar Adili ist Mitglied der Landes\u00e4rztekammer Hessen und der Kassen\u00e4rztlichen Vereinigung Hessen:<\/p>\n<h6 class=\"my-4\">Landes\u00e4rztekammer Hessen<\/h6>\n<p>K\u00f6rperschaft des \u00f6ffentlichen Rechts<br \/>\nHANAUER LANDSTRASSE 152<br \/>\n60314 FRANKFURT<br \/>\nTEL 069 976 720<br \/>\n<a href=\"mailto:INFO@LAEKH.DE\">INFO@LAEKH.DE<\/a><br \/>\n<a href=\"https:\/\/LAEKH.DE\" target=\"_blank\" rel=\"noopener\">LAEKH.DE<\/a><\/p>\n<h6 class=\"my-4\">Kassen\u00e4rztliche Vereinigung Hessen<\/h6>\n<p>K\u00f6rperschaft des \u00f6ffentlichen Rechts<br \/>\nEUROPA-ALLEE 90<br \/>\n60486 FRANKFURT<br \/>\nTEL 069 247 417 600<br \/>\nFAX 069 247 416 882 9<br \/>\n<a href=\"mailto:BERATUNG-FRANKFURT@KVHESSEN.DE\">BERATUNG-FRANKFURT@KVHESSEN.DE<\/a><br \/>\n<a href=\"https:\/\/KVHESSEN.DE\" target=\"_blank\" rel=\"noopener\">KVHESSEN.DE<\/a><\/p>\n<h6 class=\"my-4\">Berufsrechtliche Regelungen:<\/h6>\n<ul>\n<li><a href=\"http:\/\/www.gesetze-im-internet.de\/b_o\/BJNR018570961.html\" target=\"_blank\" rel=\"noopener\">Bundes\u00e4rzteordnung<\/a><\/li>\n<li><a href=\"http:\/\/www.sozialgesetzbuch-sgb.de\/sgbv\/1.html\" target=\"_blank\" rel=\"noopener\">Sozialgesetzbuch, F\u00fcnftes Buch (SGB V)<\/a><\/li>\n<li><a href=\"https:\/\/www.gesetze-im-internet.de\/zo-_rzte\/BJNR005720957.html\" target=\"_blank\" rel=\"noopener\">Zulassungsverordnung f\u00fcr Vertrags\u00e4rzte<\/a><\/li>\n<li><a href=\"https:\/\/www.gesetze-im-internet.de\/heilprg\/BJNR002510939.html\" target=\"_blank\" rel=\"noopener\">Gesetz \u00fcber die Aus\u00fcbung der Heilkunde<\/a><\/li>\n<li><a href=\"https:\/\/www.gesetze-im-internet.de\/_appro_2002\/BJNR240500002.html\" target=\"_blank\" rel=\"noopener\">Approbationsordnung f\u00fcr \u00c4rzte<\/a><\/li>\n<li><a href=\"http:\/\/www.e-bis.de\/goae\/defaultFrame.htm\" target=\"_blank\" rel=\"noopener\">Geb\u00fchrenordnung f\u00fcr \u00c4rzte<\/a><\/li>\n<li><a href=\"https:\/\/www.gesetze-im-internet.de\/heilmwerbg\/BJNR006049965.html\" target=\"_blank\" rel=\"noopener\">Heilmittelwerbegesetz<\/a><\/li>\n<\/ul>\n<h6 class=\"my-4\">Landesspezifische Regelungen (Hessen)<\/h6>\n<ul>\n<li><a href=\"https:\/\/www.laekh.de\/images\/Aerzte\/Rund_ums_Recht\/Rechtsquellen\/berufsordnung.pdf\" target=\"_blank\" rel=\"noopener\">Berufsordnung f\u00fcr \u00c4rzte\/\u00c4rztinnen<\/a><\/li>\n<li><a href=\"https:\/\/www.laekh.de\/images\/Aerzte\/Rund_ums_Recht\/Rechtsquellen\/heilberufsgesetz.pdf\" target=\"_blank\" rel=\"noopener\">Heilberufsgesetz<\/a><\/li>\n<\/ul>\n<h6 class=\"my-4\">Corporate Identity, Screen Design, Inhalte<\/h6>\n<p><a href=\"https:\/\/www.m-2c.de\/consulting\/praxismarketing-aerzte\/\" target=\"_blank\" rel=\"noopener\">m2c \u2014 medical concepts &amp; consulting<\/a><\/p>\n<h6 class=\"my-4\">Konzept, Gestaltung, <a class=\"text-decoration-underline\" href=\"https:\/\/www.m-2c.de\/marketing\/webdesign\/\" target=\"_blank\" rel=\"noopener\">Webdesign<\/a> und Programmierung<\/h6>\n<p>m2c<\/p>\n<h6 class=\"my-4\">Bildnachweis<\/h6>\n<p><a href=\"https:\/\/www.andredallavalle.com\/\" target=\"_blank\" rel=\"noopener\">\u00a9Andr\u00e9 Dalla Valle<\/a><\/p>\n<h6 class=\"my-4\">Urheberrecht<\/h6>\n<p>Die Website und die darauf ver\u00f6ffentlichten Inhalte und Werke (u.a. Bilder) unterliegen dem deutschen Urheberrecht. Jede Bearbeitung, Verbreitung, Vervielf\u00e4ltigung und jede Art der Verwertung au\u00dferhalb der Grenzen des Urheberrechts bed\u00fcrfen der vorherigen schriftlichen Zustimmung des jeweiligen Urhebers. Downloads und Kopien dieser Website sind nur f\u00fcr den privaten, nicht kommerziellen Gebrauch gestattet. Soweit Inhalte dieser Website von Dritten erstellt wurden, wird auch hier das Urheberrecht beachtet. Sollten dennoch Inhalte mit Rechtsverletzungen vorhanden sein, geben Sie mir bitte einen entsprechenden Hinweis. Diese Inhalte werden bei Kenntnisnahme umgehend entfernt.<\/p>\n<h6 class=\"my-4\">Haftungsbeschr\u00e4nkung f\u00fcr eigene Inhalte<\/h6>\n<p>Die Inhalte dieser Website wurden sorgf\u00e4ltig und nach bestem Gewissen erstellt. F\u00fcr die Aktualit\u00e4t, Vollst\u00e4ndigkeit, Richtigkeit und Qualit\u00e4t s\u00e4mtlicher Seiten kann keine Gew\u00e4hr \u00fcbernommen werden. Haftungsanspr\u00fcche gegen den Seitenverantwortlichen oder die Autoren, welche sich auf Sch\u00e4den materieller oder ideeller Art beziehen, die durch die Nutzung oder Nichtnutzung der dargebotenen Informationen bzw. durch die Nutzung fehlerhafter und unvollst\u00e4ndiger Informationen verursacht wurden, sind grunds\u00e4tzlich ausgeschlossen, sofern seitens der Autoren kein nachweislich vors\u00e4tzliches oder grob fahrl\u00e4ssiges Verschulden vorliegt. Alle Angebote sind freibleibend und unverbindlich. Die Autoren behalten es sich ausdr\u00fccklich vor, Teile der Website oder das gesamte Angebot ohne gesonderte Ank\u00fcndigung zu ver\u00e4ndern, zu erg\u00e4nzen, zu l\u00f6schen oder die Ver\u00f6ffentlichung zeitweise oder endg\u00fcltig einzustellen.<\/p>\n<h6 class=\"my-4\">Haftungsbeschr\u00e4nkung f\u00fcr externe Inhalte<\/h6>\n<p>Diese Website enth\u00e4lt Verkn\u00fcpfungen zu Websites Dritter (externe Links). Hier haben wir keinen Einfluss auf deren Inhalte und \u00fcbernehmen somit keine Gew\u00e4hr. Diese Feststellung gilt f\u00fcr alle innerhalb des eigenen Internetangebotes gesetzten Links und Verweise sowie f\u00fcr Fremdeintr\u00e4ge in vom Autor eingerichteten G\u00e4steb\u00fcchern, Diskussionsforen, Linkverzeichnissen, Mailinglisten und in allen anderen Formen von Datenbanken, auf deren Inhalt externe Schreibzugriffe m\u00f6glich sind. F\u00fcr die Richtigkeit und Inhalt der jeweiligen verlinkten Website ist der Informationsanbieter verantwortlich. Zum Zeitpunkt der Verlinkung waren keine Rechtsverst\u00f6\u00dfe erkennbar. Wenn hier eine Rechtsverletzung bekannt wird, wird der jeweilige Link entfernt.<\/p>\n<h6 class=\"my-4\">Hinweis nach Art. 14 Abs. 1 ODR-Verordnung<\/h6>\n<p>Hier gelangen Sie zur Online-Streitbeilegungsplattform: \u201ePlattform der EU-Kommission zur Online Streitbeilegung\u201c<\/p>\n<h6 class=\"my-4\">Hinweis zum Allgemeinen Gleichbehandlungsgesetz<\/h6>\n<p>Aufgrund der leichteren Lesbarkeit wird auf eine geschlechterspezifische Differenzierung verzichtet. Entsprechende Begriffe gelten im Sinne der Gleichbehandlung f\u00fcr beide Geschlechter.<\/p>\n<p>Dieses Impressum gilt auch f\u00fcr unsere Pr\u00e4senzen auf anderen Websites inklusive Social Media Profilen und Google Unternehmensprofilen.<\/p>\n","protected":false},"excerpt":{"rendered":"<p>Verantwortlich f\u00fcr diese Seite: EAST AESTHETICS PRAXIS F\u00dcR \u00c4STHETIK DR. MED. UNIV. MEHRAN YASCHAR ADILI HANAUER LANDSTRASSE 151\u2013153 60314 FRANKFURT [&#8230;]<\/p>\n<p><a class=\"btn btn-secondary understrap-read-more-link\" href=\"https:\/\/east-aesthetics.de\/es\/pie-de-imprenta\/\">Leer m\u00e1s&#8230;<span class=\"screen-reader-text\"> from Pie de imprenta<\/span><\/a><\/p>\n","protected":false},"author":6,"featured_media":767,"parent":0,"menu_order":8,"comment_status":"closed","ping_status":"closed","template":"","meta":{"_acf_changed":false,"footnotes":""},"acf":[],"yoast_head":"<!-- This site is optimized with the Yoast SEO plugin v23.5 - https:\/\/yoast.com\/wordpress\/plugins\/seo\/ -->\n<title>Pie de imprenta - east AESTHETICS<\/title>\n<meta name=\"robots\" content=\"index, follow, max-snippet:-1, max-image-preview:large, max-video-preview:-1\" \/>\n<link rel=\"canonical\" href=\"https:\/\/east-aesthetics.de\/es\/pie-de-imprenta\/\" \/>\n<meta property=\"og:locale\" content=\"es_ES\" \/>\n<meta property=\"og:type\" content=\"article\" \/>\n<meta property=\"og:title\" content=\"Pie de imprenta - east AESTHETICS\" \/>\n<meta property=\"og:description\" content=\"Verantwortlich f\u00fcr diese Seite: EAST AESTHETICS PRAXIS F\u00dcR \u00c4STHETIK DR. MED. UNIV. MEHRAN YASCHAR ADILI HANAUER LANDSTRASSE 151\u2013153 60314 FRANKFURT [...]Leer m\u00e1s... from Pie de imprenta\" \/>\n<meta property=\"og:url\" content=\"https:\/\/east-aesthetics.de\/es\/pie-de-imprenta\/\" \/>\n<meta property=\"og:site_name\" content=\"east AESTHETICS\" \/>\n<meta property=\"article:publisher\" content=\"https:\/\/www.facebook.com\/profile.php?id=61552744688930\" \/>\n<meta property=\"article:modified_time\" content=\"2024-11-05T13:11:13+00:00\" \/>\n<meta property=\"og:image\" content=\"https:\/\/east-aesthetics.de\/wp-content\/uploads\/AND9314-2048.jpg\" \/>\n\t<meta property=\"og:image:width\" content=\"2000\" \/>\n\t<meta property=\"og:image:height\" content=\"1333\" \/>\n\t<meta property=\"og:image:type\" content=\"image\/jpeg\" \/>\n<meta name=\"twitter:card\" content=\"summary_large_image\" \/>\n<meta name=\"twitter:label1\" content=\"Tiempo de lectura\" \/>\n\t<meta name=\"twitter:data1\" content=\"3 minutos\" \/>\n<!-- \/ Yoast SEO plugin. -->","yoast_head_json":{"title":"Pie de imprenta - east AESTHETICS","robots":{"index":"index","follow":"follow","max-snippet":"max-snippet:-1","max-image-preview":"max-image-preview:large","max-video-preview":"max-video-preview:-1"},"canonical":"https:\/\/east-aesthetics.de\/es\/pie-de-imprenta\/","og_locale":"es_ES","og_type":"article","og_title":"Pie de imprenta - east AESTHETICS","og_description":"Verantwortlich f\u00fcr diese Seite: EAST AESTHETICS PRAXIS F\u00dcR \u00c4STHETIK DR. MED. UNIV. MEHRAN YASCHAR ADILI HANAUER LANDSTRASSE 151\u2013153 60314 FRANKFURT [...]Leer m\u00e1s... from Pie de imprenta","og_url":"https:\/\/east-aesthetics.de\/es\/pie-de-imprenta\/","og_site_name":"east AESTHETICS","article_publisher":"https:\/\/www.facebook.com\/profile.php?id=61552744688930","article_modified_time":"2024-11-05T13:11:13+00:00","og_image":[{"width":2000,"height":1333,"url":"https:\/\/east-aesthetics.de\/wp-content\/uploads\/AND9314-2048.jpg","type":"image\/jpeg"}],"twitter_card":"summary_large_image","twitter_misc":{"Tiempo de lectura":"3 minutos"},"schema":{"@context":"https:\/\/schema.org","@graph":[]}},"_links":{"self":[{"href":"https:\/\/east-aesthetics.de\/es\/wp-json\/wp\/v2\/pages\/1002"}],"collection":[{"href":"https:\/\/east-aesthetics.de\/es\/wp-json\/wp\/v2\/pages"}],"about":[{"href":"https:\/\/east-aesthetics.de\/es\/wp-json\/wp\/v2\/types\/page"}],"author":[{"embeddable":true,"href":"https:\/\/east-aesthetics.de\/es\/wp-json\/wp\/v2\/users\/6"}],"replies":[{"embeddable":true,"href":"https:\/\/east-aesthetics.de\/es\/wp-json\/wp\/v2\/comments?post=1002"}],"version-history":[{"count":1,"href":"https:\/\/east-aesthetics.de\/es\/wp-json\/wp\/v2\/pages\/1002\/revisions"}],"predecessor-version":[{"id":1003,"href":"https:\/\/east-aesthetics.de\/es\/wp-json\/wp\/v2\/pages\/1002\/revisions\/1003"}],"wp:featuredmedia":[{"embeddable":true,"href":"https:\/\/east-aesthetics.de\/es\/wp-json\/wp\/v2\/media\/767"}],"wp:attachment":[{"href":"https:\/\/east-aesthetics.de\/es\/wp-json\/wp\/v2\/media?parent=1002"}],"curies":[{"name":"wp","href":"https:\/\/api.w.org\/{rel}","templated":true}]}}